{"id":19,"date":"2019-09-01T11:10:54","date_gmt":"2019-09-01T09:10:54","guid":{"rendered":"http:\/\/ampaisaaio.cluster020.hosting.ovh.net\/?page_id=19"},"modified":"2019-12-10T09:25:42","modified_gmt":"2019-12-10T08:25:42","slug":"museos-ampaticos","status":"publish","type":"page","link":"http:\/\/www.ampaisaacalbenizcuenca.es\/?page_id=19","title":{"rendered":"Museos Amp\u00e1ticos"},"content":{"rendered":"\n<div class=\"wp-block-image\"><figure class=\"aligncenter is-resized\"><img loading=\"lazy\" decoding=\"async\" src=\"http:\/\/www.ampaisaacalbenizcuenca.es\/wp-content\/uploads\/2019\/09\/Museos-Amp\u00e1ticos.jpg\" alt=\"\" class=\"wp-image-119\" width=\"585\" height=\"417\" srcset=\"http:\/\/www.ampaisaacalbenizcuenca.es\/wp-content\/uploads\/2019\/09\/Museos-Amp\u00e1ticos.jpg 656w, http:\/\/www.ampaisaacalbenizcuenca.es\/wp-content\/uploads\/2019\/09\/Museos-Amp\u00e1ticos-300x214.jpg 300w\" sizes=\"(max-width: 585px) 100vw, 585px\" \/><\/figure><\/div>\n\n\n\n<h2 class=\"wp-block-heading\"><strong>Museos Amp\u00e1ticos 2.0<\/strong><\/h2>\n\n\n\n<div class=\"wp-block-image\"><figure class=\"aligncenter\"><img loading=\"lazy\" decoding=\"async\" width=\"647\" height=\"914\" src=\"http:\/\/www.ampaisaacalbenizcuenca.es\/wp-content\/uploads\/2019\/11\/MuseosAmpaticos2.png\" alt=\"Museos Amp\u00e1ticos 2.0\" class=\"wp-image-182\" srcset=\"http:\/\/www.ampaisaacalbenizcuenca.es\/wp-content\/uploads\/2019\/11\/MuseosAmpaticos2.png 647w, http:\/\/www.ampaisaacalbenizcuenca.es\/wp-content\/uploads\/2019\/11\/MuseosAmpaticos2-212x300.png 212w\" sizes=\"(max-width: 647px) 100vw, 647px\" \/><figcaption>Museos Amp\u00e1ticos 2.0<\/figcaption><\/figure><\/div>\n\n\n\n<p>Buenos d\u00edas familias, un a\u00f1o m\u00e1s volvemos a participar en las actividades de Museos Ampaticos 2.0.\ud83c\udfdb<br>Este a\u00f1o comenzaremos con un \u00ab<strong>Cine forum\u00bb<\/strong> \ud83d\udcfd como primera actividad y se realizar\u00e1 el  <strong>30 de Noviembre, s\u00e1bado ,en el Museo Paleontol\u00f3gico de Castilla-La Mancha (<a rel=\"noreferrer noopener\" href=\"https:\/\/mupaclm.es\/\" target=\"_blank\">MUPA<\/a>)<\/strong>. Se proyectar\u00e1 la pel\u00edcula \u00ab<strong>Atrapa la bandera<\/strong>\u00ab.\ud83c\udff3<br>Os vamos avisando para que reserv\u00e9is ese d\u00eda y no hag\u00e1is planes.<br>Un saludo.<\/p>\n\n\n\n<h2 class=\"wp-block-heading\"><strong>Museos Amp\u00e1ticos curso 2018\/2019<\/strong><\/h2>\n\n\n\n<p>Tras el \u00e9xito de la primera edici\u00f3n del proyecto de Museos Amp\u00e1ticos durante el curso 2018\/2019, se llevar\u00e1 a cabo la segunda edici\u00f3n. Pr\u00f3ximamente iremos informando de todas las actividades que se realicen. Recordad que es necesario pertenecer al AMPA para poder participar en el proyecto.<\/p>\n\n\n\n<p class=\"has-text-align-justify\">Incluimos algunas <strong>noticias<\/strong> de las actividades de la<strong> primera edici\u00f3n<\/strong> del proyecto <strong>Museos Amp\u00e1ticos<\/strong>:<\/p>\n\n\n\n<ul class=\"wp-block-list\"><li>Los Museos Amp\u00e1ticos concluyen con un taller de excavaci\u00f3n. (<a rel=\"noreferrer noopener\" aria-label=\"Las Noticias de Cuenca (opens in a new tab)\" href=\"http:\/\/www.lasnoticiasdecuenca.es\/cuenca\/programa-museos-ampaticos-concluye-con-taller-excavacion-palancares-42276\" target=\"_blank\">Las Noticias de Cuenca<\/a>, 19 de junio de 2019).<\/li><li>1er premio Carnavales de Cuenca 2019 para la actividad de Museos Amp\u00e1ticos llamada \u00abCarnavales Amp\u00e1ticos\u00bb. (3 de marzo de 2019).<\/li><li>Museos Amp\u00e1ticos en \u00abHoy por hoy Cuenca\u00bb. (<a rel=\"noreferrer noopener\" aria-label=\"Cadena Ser (opens in a new tab)\" href=\"https:\/\/play.cadenaser.com\/audio\/1549632320_455066\/\" target=\"_blank\">Cadena Ser<\/a>, 8 de febrero de 2019).<\/li><li>La iniciativa \u00abMuseos Amp\u00e1ticos\u00bb re\u00fane a m\u00e1s de 100 familias en su primera actividad. (<a rel=\"noreferrer noopener\" aria-label=\"Las Noticias de Cuenca (opens in a new tab)\" href=\"http:\/\/www.lasnoticiasdecuenca.es\/cuenca\/iniciativa-museos-ampaticos-reune-mas-100-familias-primera-actividad-37547\" target=\"_blank\">Las Noticias de Cuenca<\/a>, 20 de octubre de 2018).<\/li><li>El Museo de las Ciencias y el Museo de Paleontolog\u00eda pondr\u00e1n en marcha en octubre el programa \u00abMuseos Amp\u00e1ticos\u00bb. (<a rel=\"noreferrer noopener\" aria-label=\"La Manchuela al D\u00eda (opens in a new tab)\" href=\"https:\/\/www.lamanchuelaaldia.com\/el-museo-de-las-ciencias-y-el-museo-de-paleontologia-pondran-en-marcha-en-octubre-el-programa-museos-ampaticos\/\" target=\"_blank\">La Manchuela al D\u00eda<\/a>, 1 de octubre de 2018).<\/li><\/ul>\n\n\n\n<p class=\"has-text-align-justify\"><strong>Los AMPAs que forman parte de la actividad de Museos Amp\u00e1ticos son<\/strong>:  AMPA CEIP Fuente Del Oro, AMPA CEIP Hermanos Vald\u00e9s, AMPA CEIP Isaac Alb\u00e9niz, AMPA CEIP La Paz, AMPA CIP Ram\u00f3n Y Cajal, AMPA CEIP San Fernando, AMPA CEIP Santa Teresa y AMPA CEIP El Carmen, junto con el <a rel=\"noreferrer noopener\" aria-label=\"Museo de las Ciencias de Castilla-la Mancha (opens in a new tab)\" href=\"http:\/\/pagina.jccm.es\/museociencias\/\" target=\"_blank\">Museo de las Ciencias de Castilla-la Mancha<\/a> y el <a rel=\"noreferrer noopener\" aria-label=\"Museo Paleontol\u00f3gico de Castilla-la Mancha (opens in a new tab)\" href=\"https:\/\/mupaclm.es\/\" target=\"_blank\">Museo Paleontol\u00f3gico de Castilla-la Mancha<\/a>.<\/p>\n\n\n\n<p><a href=\"http:\/\/www.ampaisaacalbenizcuenca.es\/wp-content\/uploads\/2019\/12\/MemoriaProgramaMuseosAmpa\u0301ticos.pdf\" target=\"_blank\" rel=\"noreferrer noopener\" aria-label=\"Descargar (se abre en una nueva pesta\u00f1a)\">Descargar<\/a> la Memoria del Programa de Museos Amp\u00e1ticos.<\/p>\n","protected":false},"excerpt":{"rendered":"<p>Museos Amp\u00e1ticos 2.0 Buenos d\u00edas familias, un a\u00f1o m\u00e1s volvemos a participar en las actividades de Museos Ampaticos 2.0.\ud83c\udfdbEste a\u00f1o&hellip;<\/p>\n","protected":false},"author":1,"featured_media":0,"parent":0,"menu_order":0,"comment_status":"closed","ping_status":"closed","template":"","meta":{"footnotes":""},"class_list":["post-19","page","type-page","status-publish","hentry"],"_links":{"self":[{"href":"http:\/\/www.ampaisaacalbenizcuenca.es\/index.php?rest_route=\/wp\/v2\/pages\/19"}],"collection":[{"href":"http:\/\/www.ampaisaacalbenizcuenca.es\/index.php?rest_route=\/wp\/v2\/pages"}],"about":[{"href":"http:\/\/www.ampaisaacalbenizcuenca.es\/index.php?rest_route=\/wp\/v2\/types\/page"}],"author":[{"embeddable":true,"href":"http:\/\/www.ampaisaacalbenizcuenca.es\/index.php?rest_route=\/wp\/v2\/users\/1"}],"replies":[{"embeddable":true,"href":"http:\/\/www.ampaisaacalbenizcuenca.es\/index.php?rest_route=%2Fwp%2Fv2%2Fcomments&post=19"}],"version-history":[{"count":12,"href":"http:\/\/www.ampaisaacalbenizcuenca.es\/index.php?rest_route=\/wp\/v2\/pages\/19\/revisions"}],"predecessor-version":[{"id":215,"href":"http:\/\/www.ampaisaacalbenizcuenca.es\/index.php?rest_route=\/wp\/v2\/pages\/19\/revisions\/215"}],"wp:attachment":[{"href":"http:\/\/www.ampaisaacalbenizcuenca.es\/index.php?rest_route=%2Fwp%2Fv2%2Fmedia&parent=19"}],"curies":[{"name":"wp","href":"https:\/\/api.w.org\/{rel}","templated":true}]}}